{"id":805,"date":"2022-08-19T00:46:30","date_gmt":"2022-08-19T00:46:30","guid":{"rendered":"https:\/\/www.acofi.edu.co\/eiei2022\/?page_id=805"},"modified":"2022-09-01T16:47:46","modified_gmt":"2022-09-01T16:47:46","slug":"eficiencia-energetica","status":"publish","type":"page","link":"https:\/\/www.acofi.edu.co\/eiei2022\/jornada-avances-en-investigacion\/eficiencia-energetica\/","title":{"rendered":"Eficiencia energ\u00e9tica"},"content":{"rendered":"\n<h3 class=\"wp-block-heading\"><strong>Descripci\u00f3n<\/strong><\/h3>\n\n\n\n<p>En esta jornada se presentar\u00e1n Soluciones de ingenier\u00eda para la generaci\u00f3n y apropiaci\u00f3n de tecnolog\u00edas y h\u00e1bitos de consumo, que optimicen el manejo y uso de los diferentes tipos de energ\u00eda.<\/p>\n\n\n\n<h3 class=\"wp-block-heading\"><strong>Motivaci\u00f3n<\/strong><\/h3>\n\n\n\n<p>Al hablar de eficiencia energ\u00e9tica es posible afirmar que:<\/p>\n\n\n\n<ul class=\"wp-block-list\"><li>La transici\u00f3n energ\u00e9tica debe abordar los retos de sostenibilidad ambiental, seguridad y justicia energ\u00e9ticas y asequibilidad de la energ\u00eda.<\/li><li>Es necesario intensificar el ritmo de la transici\u00f3n energ\u00e9tica, como demuestra el reciente repunte de los precios de los combustibles, los retos para la seguridad energ\u00e9tica y la lentitud de los avances en la acci\u00f3n clim\u00e1tica<\/li><li>(Se debe) Impulsar una transici\u00f3n energ\u00e9tica equilibrada y efectiva es posible, pero requiere nuevas colaboraciones a nivel de oferta y demanda<a id=\"_ftnref1\" href=\"#_ftn1\"><strong>[1]<\/strong><\/a><\/li><\/ul>\n\n\n\n<p>En este mismo sentido, hace parte tambi\u00e9n de los an\u00e1lisis y reflexiones:<br><br>(Los) Altos precios de la energ\u00eda y nuevos riesgos de la escasez de energ\u00eda, resultante del COVID-19, de la r\u00e1pida recuperaci\u00f3n econ\u00f3mica y la guerra en Ucrania, han forzado una nueva priorizaci\u00f3n de la seguridad energ\u00e9tica. Los pa\u00edses pueden fortalecer la seguridad energ\u00e9tica al diversificar sus socios importadores de combustible en el corto plazo y diversificando su mix energ\u00e9tico con alternativas bajas en carbono y mejora de la eficiencia energ\u00e9tica a largo plazo.<a id=\"_ftnref2\" href=\"#_ftn2\"><strong>[2]<\/strong><\/a><br><br>Esta referencia muestra la gran necesidad de encontrar iniciativas que le apunten a la eficiencia energ\u00e9tica en beneficio de todos. La ingenier\u00eda tiene un papel fundamental para lograrlo y es parte de lo que se va a presentar en esta jornada.<\/p>\n\n\n\n<h3 class=\"wp-block-heading\"><strong>Agenda<\/strong><\/h3>\n\n\n\n<figure class=\"wp-block-image size-full\"><img loading=\"lazy\" decoding=\"async\" width=\"600\" height=\"139\" src=\"https:\/\/www.acofi.edu.co\/eiei2022\/wp-content\/uploads\/2022\/08\/Agenda-Eficiencia-energetica.png\" alt=\"\" class=\"wp-image-968\" srcset=\"https:\/\/www.acofi.edu.co\/eiei2022\/wp-content\/uploads\/2022\/08\/Agenda-Eficiencia-energetica.png 600w, https:\/\/www.acofi.edu.co\/eiei2022\/wp-content\/uploads\/2022\/08\/Agenda-Eficiencia-energetica-300x70.png 300w\" sizes=\"auto, (max-width: 600px) 100vw, 600px\" \/><\/figure>\n\n\n\n<h3 class=\"wp-block-heading\"><strong>Metodolog\u00eda<\/strong><\/h3>\n\n\n\n<p>El moderador realizar\u00e1 una breve introducci\u00f3n, presentando con base en su experiencia aspectos que considere relevantes alrededor de la eficiencia energ\u00e9tica. Posteriormente se realizar\u00e1 la disertaci\u00f3n enfocada en la experiencia de la invitada.<br><br>Se presentar\u00e1n los trabajos y al finalizar el moderador presentar\u00e1 las conclusiones de la jornada.<\/p>\n\n\n\n<h3 class=\"wp-block-heading\"><strong>Avances en investigaci\u00f3n<\/strong><\/h3>\n\n\n\n<figure class=\"wp-block-image size-full\"><img loading=\"lazy\" decoding=\"async\" width=\"800\" height=\"482\" src=\"https:\/\/www.acofi.edu.co\/eiei2022\/wp-content\/uploads\/2022\/08\/Ponencias-Eficiencia-energetica.png\" alt=\"\" class=\"wp-image-969\" srcset=\"https:\/\/www.acofi.edu.co\/eiei2022\/wp-content\/uploads\/2022\/08\/Ponencias-Eficiencia-energetica.png 800w, https:\/\/www.acofi.edu.co\/eiei2022\/wp-content\/uploads\/2022\/08\/Ponencias-Eficiencia-energetica-300x181.png 300w, https:\/\/www.acofi.edu.co\/eiei2022\/wp-content\/uploads\/2022\/08\/Ponencias-Eficiencia-energetica-768x463.png 768w\" sizes=\"auto, (max-width: 800px) 100vw, 800px\" \/><\/figure>\n\n\n\n<h3 class=\"wp-block-heading\"><strong>Coordinaci\u00f3n<\/strong><\/h3>\n\n\n\n<p>Jos\u00e9 Luis Villa Ram\u00edrez, Universidad Tecnol\u00f3gica de Bol\u00edvar, Colombia<\/p>\n\n\n\n<h3 class=\"wp-block-heading\"><strong>Aspectos log\u00edsticos<\/strong><\/h3>\n\n\n\n<ul class=\"wp-block-list\"><li>Fecha y horario: martes 15 de septiembre de 2020, 09:00 \u2013 11:45 horas COT.<\/li><li>Idioma: espa\u00f1ol.<\/li><li>N\u00famero de participantes: 30. <strong>CUPO COMPLETADO<\/strong><\/li><li>Lugar: Universidad Tecnol\u00f3gica de Bol\u00edvar, Campus Manga: Calle del Bouquet (Carrera 21 25 92), Sal\u00f3n MB \u2013 403<\/li><li>Se solicita a quienes tengan presentaciones, utilicen un n\u00famero adecuado de diapositivas, dado que el tiempo de exposici\u00f3n ser\u00e1 de m\u00e1ximo 12 minutos y tres minutos para comentarios y preguntas.<\/li><\/ul>\n\n\n\n<h3 class=\"wp-block-heading\"><strong>Mapa<\/strong><\/h3>\n\n\n\n<iframe src=\"https:\/\/www.google.com\/maps\/embed?pb=!1m18!1m12!1m3!1d981.0264924410558!2d-75.53839637329686!3d10.413157783584252!2m3!1f0!2f0!3f0!3m2!1i1024!2i768!4f13.1!3m3!1m2!1s0x8ef625936b260037%3A0x9308af08f0ad9383!2sUTB!5e0!3m2!1ses!2sco!4v1661192927377!5m2!1ses!2sco\" width=\"600\" height=\"450\" style=\"border:0;\" allowfullscreen=\"\" loading=\"lazy\" referrerpolicy=\"no-referrer-when-downgrade\"><\/iframe>\n\n\n\n<hr class=\"wp-block-separator has-alpha-channel-opacity\"\/>\n\n\n\n<p><a id=\"_ftn1\" href=\"#_ftnref1\">[1]<\/a> <a rel=\"noreferrer noopener\" href=\"https:\/\/www3.weforum.org\/docs\/ETI_Report_Press_Release_Spanish.pdf\" target=\"_blank\"><strong>https:\/\/www3.weforum.org\/docs\/ETI_Report_Press_Release_Spanish.pdf<\/strong><\/a><\/p>\n\n\n\n<p><a id=\"_ftn2\" href=\"#_ftnref2\">[2]<\/a> <a href=\"https:\/\/www3.weforum.org\/docs\/WEF_Energy_Transition_Index_2022.pdf\"><strong>https:\/\/www3.weforum.org\/docs\/WEF_Energy_Transition_Index_2022.pdf<\/strong><\/a>, traducci\u00f3n libre<\/p>\n","protected":false},"excerpt":{"rendered":"<p>Descripci\u00f3n En esta jornada se presentar\u00e1n Soluciones de ingenier\u00eda para la generaci\u00f3n y apropiaci\u00f3n de tecnolog\u00edas y h\u00e1bitos de consumo, que optimicen el manejo y uso de los diferentes tipos de energ\u00eda. Motivaci\u00f3n Al hablar de eficiencia energ\u00e9tica es posible afirmar que: La transici\u00f3n energ\u00e9tica debe abordar los retos de sostenibilidad ambiental, seguridad y justicia [&hellip;]<\/p>\n","protected":false},"author":1,"featured_media":0,"parent":795,"menu_order":0,"comment_status":"closed","ping_status":"closed","template":"","meta":{"_acf_changed":false,"footnotes":""},"class_list":["post-805","page","type-page","status-publish","hentry"],"acf":[],"_links":{"self":[{"href":"https:\/\/www.acofi.edu.co\/eiei2022\/wp-json\/wp\/v2\/pages\/805","targetHints":{"allow":["GET"]}}],"collection":[{"href":"https:\/\/www.acofi.edu.co\/eiei2022\/wp-json\/wp\/v2\/pages"}],"about":[{"href":"https:\/\/www.acofi.edu.co\/eiei2022\/wp-json\/wp\/v2\/types\/page"}],"author":[{"embeddable":true,"href":"https:\/\/www.acofi.edu.co\/eiei2022\/wp-json\/wp\/v2\/users\/1"}],"replies":[{"embeddable":true,"href":"https:\/\/www.acofi.edu.co\/eiei2022\/wp-json\/wp\/v2\/comments?post=805"}],"version-history":[{"count":8,"href":"https:\/\/www.acofi.edu.co\/eiei2022\/wp-json\/wp\/v2\/pages\/805\/revisions"}],"predecessor-version":[{"id":1074,"href":"https:\/\/www.acofi.edu.co\/eiei2022\/wp-json\/wp\/v2\/pages\/805\/revisions\/1074"}],"up":[{"embeddable":true,"href":"https:\/\/www.acofi.edu.co\/eiei2022\/wp-json\/wp\/v2\/pages\/795"}],"wp:attachment":[{"href":"https:\/\/www.acofi.edu.co\/eiei2022\/wp-json\/wp\/v2\/media?parent=805"}],"curies":[{"name":"wp","href":"https:\/\/api.w.org\/{rel}","templated":true}]}}